{"id":142,"date":"2024-10-17T23:52:44","date_gmt":"2024-10-17T21:52:44","guid":{"rendered":"https:\/\/xn--viosdacorua-2dbi.gal\/bodegas\/"},"modified":"2025-06-07T17:51:47","modified_gmt":"2025-06-07T15:51:47","slug":"bodegas","status":"publish","type":"page","link":"https:\/\/xn--viosdacorua-2dbi.gal\/es\/bodegas\/","title":{"rendered":"Bodegas"},"content":{"rendered":"\t\t<div data-elementor-type=\"wp-page\" data-elementor-id=\"142\" class=\"elementor elementor-142 elementor-53\" data-elementor-post-type=\"page\">\n\t\t\t\t<div class=\"elementor-element elementor-element-36b5f4e e-flex e-con-boxed e-con e-parent\" data-id=\"36b5f4e\" data-element_type=\"container\">\n\t\t\t\t\t<div class=\"e-con-inner\">\n\t\t\t\t<div class=\"elementor-element elementor-element-329c551 elementor-widget elementor-widget-heading\" data-id=\"329c551\" data-element_type=\"widget\" data-widget_type=\"heading.default\">\n\t\t\t\t<div class=\"elementor-widget-container\">\n\t\t\t<h2 class=\"elementor-heading-title elementor-size-default\">Bodegas<\/h2>\t\t<\/div>\n\t\t\t\t<\/div>\n\t\t\t\t\t<\/div>\n\t\t\t\t<\/div>\n\t\t<div class=\"elementor-element elementor-element-3478305d e-flex e-con-boxed e-con e-parent\" data-id=\"3478305d\" data-element_type=\"container\">\n\t\t\t\t\t<div class=\"e-con-inner\">\n\t\t\t\t<div class=\"elementor-element elementor-element-7eb1ad58 elementor-widget elementor-widget-text-editor\" data-id=\"7eb1ad58\" data-element_type=\"widget\" data-widget_type=\"text-editor.default\">\n\t\t\t\t<div class=\"elementor-widget-container\">\n\t\t\t\t\t\t\t<div class=\"row\"><div class=\"col-md-4 mb-4\"><div class=\"card h-100\"><img decoding=\"async\" src=\"https:\/\/adega.xn--viosdacorua-2dbi.gal\/mariamanuela\/wp-content\/uploads\/sites\/14\/sites\/17\/2024\/12\/hojas-1.png\" class=\"card-img-top\" alt=\"Logo Adicional\" \/><div class=\"card-body\"><h5 class=\"card-title\"><a class=\"titleadegalink\" href=\"https:\/\/adega.xn--viosdacorua-2dbi.gal\/mariamanuela\/es\/\">Adega Mar\u00eda Manuela<\/a><\/h5><\/div><\/div><\/div><div class=\"col-md-4 mb-4\"><div class=\"card h-100\"><img decoding=\"async\" src=\"https:\/\/adega.xn--viosdacorua-2dbi.gal\/castelumaugusti\/wp-content\/uploads\/sites\/11\/2024\/11\/adega2.png\" class=\"card-img-top\" alt=\"Logo Adicional\" \/><div class=\"card-body\"><h5 class=\"card-title\"><a class=\"titleadegalink\" href=\"https:\/\/adega.xn--viosdacorua-2dbi.gal\/castelumaugusti\/es\/\">Castelum Augusti<\/a><\/h5><\/div><\/div><\/div><div class=\"col-md-4 mb-4\"><div class=\"card h-100\"><img decoding=\"async\" src=\"https:\/\/adega.xn--viosdacorua-2dbi.gal\/lorenzobescansa\/wp-content\/uploads\/sites\/10\/2024\/12\/betanzos.png\" class=\"card-img-top\" alt=\"Logo Adicional\" \/><div class=\"card-body\"><h5 class=\"card-title\"><a class=\"titleadegalink\" href=\"https:\/\/adega.xn--viosdacorua-2dbi.gal\/lorenzobescansa\/es\/\">Lorenzo Bescansa<\/a><\/h5><\/div><\/div><\/div><div class=\"col-md-4 mb-4\"><div class=\"card h-100\"><img decoding=\"async\" src=\"https:\/\/adega.xn--viosdacorua-2dbi.gal\/bodegasrilo\/wp-content\/uploads\/sites\/9\/2024\/12\/rilo-caja.jpg\" class=\"card-img-top\" alt=\"Logo Adicional\" \/><div class=\"card-body\"><h5 class=\"card-title\"><a class=\"titleadegalink\" href=\"https:\/\/adega.xn--viosdacorua-2dbi.gal\/bodegasrilo\/es\/\">Bodegas Rilo<\/a><\/h5><\/div><\/div><\/div><div class=\"col-md-4 mb-4\"><div class=\"card h-100\"><img decoding=\"async\" src=\"https:\/\/adega.xn--viosdacorua-2dbi.gal\/beade\/wp-content\/uploads\/sites\/7\/2024\/12\/12-1.png\" class=\"card-img-top\" alt=\"Logo Adicional\" \/><div class=\"card-body\"><h5 class=\"card-title\"><a class=\"titleadegalink\" href=\"https:\/\/adega.xn--viosdacorua-2dbi.gal\/beade\/es\/\">Beade<\/a><\/h5><\/div><\/div><\/div><div class=\"col-md-4 mb-4\"><div class=\"card h-100\"><img decoding=\"async\" src=\"https:\/\/adega.xn--viosdacorua-2dbi.gal\/bordel\/wp-content\/uploads\/sites\/6\/2024\/12\/uvas1.png\" class=\"card-img-top\" alt=\"Logo Adicional\" \/><div class=\"card-body\"><h5 class=\"card-title\"><a class=\"titleadegalink\" href=\"https:\/\/adega.xn--viosdacorua-2dbi.gal\/bordel\/es\/\">Bordel<\/a><\/h5><\/div><\/div><\/div><div class=\"col-md-4 mb-4\"><div class=\"card h-100\"><img decoding=\"async\" src=\"https:\/\/adega.xn--viosdacorua-2dbi.gal\/pagosdebrigante\/wp-content\/uploads\/sites\/5\/2024\/12\/copa.png\" class=\"card-img-top\" alt=\"Logo Adicional\" \/><div class=\"card-body\"><h5 class=\"card-title\"><a class=\"titleadegalink\" href=\"https:\/\/adega.xn--viosdacorua-2dbi.gal\/pagosdebrigante\/es\/\">Pagos de Brigante<\/a><\/h5><\/div><\/div><\/div><div class=\"col-md-4 mb-4\"><div class=\"card h-100\"><img decoding=\"async\" src=\"https:\/\/adega.xn--viosdacorua-2dbi.gal\/entreosrios\/wp-content\/uploads\/sites\/4\/2024\/12\/entre-os-rios.png\" class=\"card-img-top\" alt=\"Logo Adicional\" \/><div class=\"card-body\"><h5 class=\"card-title\"><a class=\"titleadegalink\" href=\"https:\/\/adega.xn--viosdacorua-2dbi.gal\/entreosrios\/es\/\">Entre os R\u00edos<\/a><\/h5><\/div><\/div><\/div><div class=\"col-md-4 mb-4\"><div class=\"card h-100\"><img decoding=\"async\" src=\"https:\/\/adega.xn--viosdacorua-2dbi.gal\/antoniosaborido\/wp-content\/uploads\/sites\/3\/2024\/12\/uvas-02.png\" class=\"card-img-top\" alt=\"Logo Adicional\" \/><div class=\"card-body\"><h5 class=\"card-title\"><a class=\"titleadegalink\" href=\"https:\/\/adega.xn--viosdacorua-2dbi.gal\/antoniosaborido\/es\/\">Antonio Saborido<\/a><\/h5><\/div><\/div><\/div><div class=\"col-md-4 mb-4\"><div class=\"card h-100\"><img decoding=\"async\" src=\"https:\/\/adega.xn--viosdacorua-2dbi.gal\/cazapitas\/wp-content\/uploads\/sites\/2\/2024\/12\/cazapitas-1.jpg\" class=\"card-img-top\" alt=\"Logo Adicional\" \/><div class=\"card-body\"><h5 class=\"card-title\"><a class=\"titleadegalink\" href=\"https:\/\/adega.xn--viosdacorua-2dbi.gal\/cazapitas\/es\/\">Cazapitas<\/a><\/h5><\/div><\/div><\/div><\/div>\t\t\t\t\t\t<\/div>\n\t\t\t\t<\/div>\n\t\t\t\t\t<\/div>\n\t\t\t\t<\/div>\n\t\t<div class=\"elementor-element elementor-element-fa5b34d e-flex e-con-boxed e-con e-parent\" data-id=\"fa5b34d\" data-element_type=\"container\">\n\t\t\t\t\t<div class=\"e-con-inner\">\n\t\t\t\t<div class=\"elementor-element elementor-element-8403ec9 elementor-widget elementor-widget-shortcode\" data-id=\"8403ec9\" data-element_type=\"widget\" data-widget_type=\"shortcode.default\">\n\t\t\t\t<div class=\"elementor-widget-container\">\n\t\t\t\t\t<div class=\"elementor-shortcode\">    <div id=\"map\" style=\"width: 100%; height: 500px;\" data-ixps='[&quot;Vi\\u00f1o da Terra de Betanzos&quot;,&quot;Vi\\u00f1o da Terra de Barbanza e Iria&quot;]'><\/div>\n    \n<\/div>\n\t\t\t\t<\/div>\n\t\t\t\t<\/div>\n\t\t\t\t\t<\/div>\n\t\t\t\t<\/div>\n\t\t\t\t<\/div>\n\t\t","protected":false},"excerpt":{"rendered":"<p>Bodegas<\/p>\n","protected":false},"author":1,"featured_media":0,"parent":0,"menu_order":0,"comment_status":"closed","ping_status":"closed","template":"","meta":{"footnotes":""},"class_list":["post-142","page","type-page","status-publish","hentry"],"yoast_head":"<!-- This site is optimized with the Yoast SEO plugin v24.0 - https:\/\/yoast.com\/wordpress\/plugins\/seo\/ -->\n<title>Bodegas - Vi\u00f1os da Coru\u00f1a<\/title>\n<meta name=\"robots\" content=\"index, follow, max-snippet:-1, max-image-preview:large, max-video-preview:-1\" \/>\n<link rel=\"canonical\" href=\"https:\/\/xn--viosdacorua-2dbi.gal\/es\/bodegas\/\" \/>\n<meta property=\"og:locale\" content=\"es_ES\" \/>\n<meta property=\"og:type\" content=\"article\" \/>\n<meta property=\"og:title\" content=\"Bodegas - Vi\u00f1os da Coru\u00f1a\" \/>\n<meta property=\"og:description\" content=\"Bodegas\" \/>\n<meta property=\"og:url\" content=\"https:\/\/xn--viosdacorua-2dbi.gal\/es\/bodegas\/\" \/>\n<meta property=\"og:site_name\" content=\"Vi\u00f1os da Coru\u00f1a\" \/>\n<meta property=\"article:modified_time\" content=\"2025-06-07T15:51:47+00:00\" \/>\n<meta property=\"og:image\" content=\"https:\/\/xn--viosdacorua-2dbi.gal\/wp-content\/uploads\/2024\/12\/logo_vinhos.jpg\" \/>\n\t<meta property=\"og:image:width\" content=\"1600\" \/>\n\t<meta property=\"og:image:height\" content=\"563\" \/>\n\t<meta property=\"og:image:type\" content=\"image\/jpeg\" \/>\n<meta name=\"twitter:card\" content=\"summary_large_image\" \/>\n<meta name=\"twitter:label1\" content=\"Tiempo de lectura\" \/>\n\t<meta name=\"twitter:data1\" content=\"3 minutos\" \/>\n<script type=\"application\/ld+json\" class=\"yoast-schema-graph\">{\"@context\":\"https:\/\/schema.org\",\"@graph\":[{\"@type\":\"WebPage\",\"@id\":\"https:\/\/xn--viosdacorua-2dbi.gal\/es\/bodegas\/\",\"url\":\"https:\/\/xn--viosdacorua-2dbi.gal\/es\/bodegas\/\",\"name\":\"Bodegas - Vi\u00f1os da Coru\u00f1a\",\"isPartOf\":{\"@id\":\"https:\/\/xn--viosdacorua-2dbi.gal\/es\/#website\"},\"datePublished\":\"2024-10-17T21:52:44+00:00\",\"dateModified\":\"2025-06-07T15:51:47+00:00\",\"breadcrumb\":{\"@id\":\"https:\/\/xn--viosdacorua-2dbi.gal\/es\/bodegas\/#breadcrumb\"},\"inLanguage\":\"es\",\"potentialAction\":[{\"@type\":\"ReadAction\",\"target\":[\"https:\/\/xn--viosdacorua-2dbi.gal\/es\/bodegas\/\"]}]},{\"@type\":\"BreadcrumbList\",\"@id\":\"https:\/\/xn--viosdacorua-2dbi.gal\/es\/bodegas\/#breadcrumb\",\"itemListElement\":[{\"@type\":\"ListItem\",\"position\":1,\"name\":\"Inicio\",\"item\":\"https:\/\/xn--viosdacorua-2dbi.gal\/es\/\"},{\"@type\":\"ListItem\",\"position\":2,\"name\":\"Bodegas\"}]},{\"@type\":\"WebSite\",\"@id\":\"https:\/\/xn--viosdacorua-2dbi.gal\/es\/#website\",\"url\":\"https:\/\/xn--viosdacorua-2dbi.gal\/es\/\",\"name\":\"Vi\u00f1os da Coru\u00f1a\",\"description\":\"Os vi\u00f1os da Coru\u00f1a\",\"publisher\":{\"@id\":\"https:\/\/xn--viosdacorua-2dbi.gal\/es\/#organization\"},\"alternateName\":\"Vi\u00f1os da provincia da Coru\u00f1a\",\"potentialAction\":[{\"@type\":\"SearchAction\",\"target\":{\"@type\":\"EntryPoint\",\"urlTemplate\":\"https:\/\/xn--viosdacorua-2dbi.gal\/es\/?s={search_term_string}\"},\"query-input\":{\"@type\":\"PropertyValueSpecification\",\"valueRequired\":true,\"valueName\":\"search_term_string\"}}],\"inLanguage\":\"es\"},{\"@type\":\"Organization\",\"@id\":\"https:\/\/xn--viosdacorua-2dbi.gal\/es\/#organization\",\"name\":\"Vi\u00f1os da Provincia de A Coru\u00f1a\",\"alternateName\":\"Vi\u00f1os da Provincia de A Coru\u00f1a\",\"url\":\"https:\/\/xn--viosdacorua-2dbi.gal\/es\/\",\"logo\":{\"@type\":\"ImageObject\",\"inLanguage\":\"es\",\"@id\":\"https:\/\/xn--viosdacorua-2dbi.gal\/es\/#\/schema\/logo\/image\/\",\"url\":\"https:\/\/xn--viosdacorua-2dbi.gal\/wp-content\/uploads\/2024\/12\/logo_vinhos.jpg\",\"contentUrl\":\"https:\/\/xn--viosdacorua-2dbi.gal\/wp-content\/uploads\/2024\/12\/logo_vinhos.jpg\",\"width\":1600,\"height\":563,\"caption\":\"Vi\u00f1os da Provincia de A Coru\u00f1a\"},\"image\":{\"@id\":\"https:\/\/xn--viosdacorua-2dbi.gal\/es\/#\/schema\/logo\/image\/\"}}]}<\/script>\n<!-- \/ Yoast SEO plugin. -->","yoast_head_json":{"title":"Bodegas - Vi\u00f1os da Coru\u00f1a","robots":{"index":"index","follow":"follow","max-snippet":"max-snippet:-1","max-image-preview":"max-image-preview:large","max-video-preview":"max-video-preview:-1"},"canonical":"https:\/\/xn--viosdacorua-2dbi.gal\/es\/bodegas\/","og_locale":"es_ES","og_type":"article","og_title":"Bodegas - Vi\u00f1os da Coru\u00f1a","og_description":"Bodegas","og_url":"https:\/\/xn--viosdacorua-2dbi.gal\/es\/bodegas\/","og_site_name":"Vi\u00f1os da Coru\u00f1a","article_modified_time":"2025-06-07T15:51:47+00:00","og_image":[{"width":1600,"height":563,"url":"https:\/\/xn--viosdacorua-2dbi.gal\/wp-content\/uploads\/2024\/12\/logo_vinhos.jpg","type":"image\/jpeg"}],"twitter_card":"summary_large_image","twitter_misc":{"Tiempo de lectura":"3 minutos"},"schema":{"@context":"https:\/\/schema.org","@graph":[{"@type":"WebPage","@id":"https:\/\/xn--viosdacorua-2dbi.gal\/es\/bodegas\/","url":"https:\/\/xn--viosdacorua-2dbi.gal\/es\/bodegas\/","name":"Bodegas - Vi\u00f1os da Coru\u00f1a","isPartOf":{"@id":"https:\/\/xn--viosdacorua-2dbi.gal\/es\/#website"},"datePublished":"2024-10-17T21:52:44+00:00","dateModified":"2025-06-07T15:51:47+00:00","breadcrumb":{"@id":"https:\/\/xn--viosdacorua-2dbi.gal\/es\/bodegas\/#breadcrumb"},"inLanguage":"es","potentialAction":[{"@type":"ReadAction","target":["https:\/\/xn--viosdacorua-2dbi.gal\/es\/bodegas\/"]}]},{"@type":"BreadcrumbList","@id":"https:\/\/xn--viosdacorua-2dbi.gal\/es\/bodegas\/#breadcrumb","itemListElement":[{"@type":"ListItem","position":1,"name":"Inicio","item":"https:\/\/xn--viosdacorua-2dbi.gal\/es\/"},{"@type":"ListItem","position":2,"name":"Bodegas"}]},{"@type":"WebSite","@id":"https:\/\/xn--viosdacorua-2dbi.gal\/es\/#website","url":"https:\/\/xn--viosdacorua-2dbi.gal\/es\/","name":"Vi\u00f1os da Coru\u00f1a","description":"Os vi\u00f1os da Coru\u00f1a","publisher":{"@id":"https:\/\/xn--viosdacorua-2dbi.gal\/es\/#organization"},"alternateName":"Vi\u00f1os da provincia da Coru\u00f1a","potentialAction":[{"@type":"SearchAction","target":{"@type":"EntryPoint","urlTemplate":"https:\/\/xn--viosdacorua-2dbi.gal\/es\/?s={search_term_string}"},"query-input":{"@type":"PropertyValueSpecification","valueRequired":true,"valueName":"search_term_string"}}],"inLanguage":"es"},{"@type":"Organization","@id":"https:\/\/xn--viosdacorua-2dbi.gal\/es\/#organization","name":"Vi\u00f1os da Provincia de A Coru\u00f1a","alternateName":"Vi\u00f1os da Provincia de A Coru\u00f1a","url":"https:\/\/xn--viosdacorua-2dbi.gal\/es\/","logo":{"@type":"ImageObject","inLanguage":"es","@id":"https:\/\/xn--viosdacorua-2dbi.gal\/es\/#\/schema\/logo\/image\/","url":"https:\/\/xn--viosdacorua-2dbi.gal\/wp-content\/uploads\/2024\/12\/logo_vinhos.jpg","contentUrl":"https:\/\/xn--viosdacorua-2dbi.gal\/wp-content\/uploads\/2024\/12\/logo_vinhos.jpg","width":1600,"height":563,"caption":"Vi\u00f1os da Provincia de A Coru\u00f1a"},"image":{"@id":"https:\/\/xn--viosdacorua-2dbi.gal\/es\/#\/schema\/logo\/image\/"}}]}},"_links":{"self":[{"href":"https:\/\/xn--viosdacorua-2dbi.gal\/es\/wp-json\/wp\/v2\/pages\/142","targetHints":{"allow":["GET"]}}],"collection":[{"href":"https:\/\/xn--viosdacorua-2dbi.gal\/es\/wp-json\/wp\/v2\/pages"}],"about":[{"href":"https:\/\/xn--viosdacorua-2dbi.gal\/es\/wp-json\/wp\/v2\/types\/page"}],"author":[{"embeddable":true,"href":"https:\/\/xn--viosdacorua-2dbi.gal\/es\/wp-json\/wp\/v2\/users\/1"}],"replies":[{"embeddable":true,"href":"https:\/\/xn--viosdacorua-2dbi.gal\/es\/wp-json\/wp\/v2\/comments?post=142"}],"version-history":[{"count":23,"href":"https:\/\/xn--viosdacorua-2dbi.gal\/es\/wp-json\/wp\/v2\/pages\/142\/revisions"}],"predecessor-version":[{"id":1831,"href":"https:\/\/xn--viosdacorua-2dbi.gal\/es\/wp-json\/wp\/v2\/pages\/142\/revisions\/1831"}],"wp:attachment":[{"href":"https:\/\/xn--viosdacorua-2dbi.gal\/es\/wp-json\/wp\/v2\/media?parent=142"}],"curies":[{"name":"wp","href":"https:\/\/api.w.org\/{rel}","templated":true}]}}