{"id":146,"date":"2024-10-17T19:39:27","date_gmt":"2024-10-17T17:39:27","guid":{"rendered":"https:\/\/xn--viosdacorua-2dbi.gal\/vinos-de-a-coruna\/"},"modified":"2024-12-04T23:06:41","modified_gmt":"2024-12-04T22:06:41","slug":"paxina-exemplo","status":"publish","type":"page","link":"https:\/\/xn--viosdacorua-2dbi.gal\/es\/","title":{"rendered":"Vinos de A Coru\u00f1a"},"content":{"rendered":"\t\t<div data-elementor-type=\"wp-page\" data-elementor-id=\"146\" class=\"elementor elementor-146 elementor-2\" data-elementor-post-type=\"page\">\n\t\t\t\t<div class=\"elementor-element elementor-element-bbc015b e-con-full e-flex e-con e-parent\" data-id=\"bbc015b\" data-element_type=\"container\">\n\t\t\t\t<div class=\"elementor-element elementor-element-dbf71cf elementor-widget elementor-widget-video\" data-id=\"dbf71cf\" data-element_type=\"widget\" data-settings=\"{&quot;loop&quot;:&quot;yes&quot;,&quot;video_type&quot;:&quot;vimeo&quot;,&quot;autoplay&quot;:&quot;yes&quot;}\" data-widget_type=\"video.default\">\n\t\t\t\t<div class=\"elementor-widget-container\">\n\t\t\t\t\t<div class=\"elementor-wrapper elementor-open-inline\">\n\t\t\t<iframe class=\"elementor-video-iframe\" allowfullscreen allow=\"autoplay\" title=\"Reproductor de v\u00eddeo vimeo\" src=\"https:\/\/player.vimeo.com\/video\/1036102849?autoplay=1&amp;color&amp;autopause=0&amp;loop=1&amp;muted=0&amp;title=0&amp;portrait=0&amp;byline=1#t=\"><\/iframe>\t\t<\/div>\n\t\t\t\t<\/div>\n\t\t\t\t<\/div>\n\t\t\t\t<\/div>\n\t\t<div class=\"elementor-element elementor-element-3ecf4a2 e-flex e-con-boxed e-con e-parent\" data-id=\"3ecf4a2\" data-element_type=\"container\">\n\t\t\t\t\t<div class=\"e-con-inner\">\n\t\t<div class=\"elementor-element elementor-element-511c93b e-con-full e-flex e-con e-child\" data-id=\"511c93b\" data-element_type=\"container\">\n\t\t\t\t<div class=\"elementor-element elementor-element-4e374aa elementor-widget__width-inherit elementor-widget elementor-widget-text-editor\" data-id=\"4e374aa\" data-element_type=\"widget\" data-widget_type=\"text-editor.default\">\n\t\t\t\t<div class=\"elementor-widget-container\">\n\t\t\t\t\t\t\t<h1 id=\"lenda\">Los Vinos de A Coru\u00f1a<\/h1>\n<p>Vinos extraordinarios surgen de la suave brisa que abraza el Atl\u00e1ntico sobre las comarcas de Betanzos, Barbanza y Terras de Iria.<\/p>\n<p>#Vi\u00f1osdaCoru\u00f1a te ayuda a conocer y profundizar en estas excepcionales y sabrosas propuestas para elevar tu experiencia gastron\u00f3mica al mejor nivel y acompa\u00f1ar el disfrute de los mejores platos con vinos tan \u00fanicos como deliciosos. <a href=\"https:\/\/vi%C3%B1osdacoru%C3%B1a.gal\/os-vinos-da-coruna\/\"><span style=\"color: #993300;\">(+)<\/span><\/a><\/p>\n\t\t\t\t\t\t<\/div>\n\t\t\t\t<\/div>\n\t\t\t\t<\/div>\n\t\t<div class=\"elementor-element elementor-element-a730742 e-con-full elementor-hidden-tablet elementor-hidden-mobile e-flex e-con e-child\" data-id=\"a730742\" data-element_type=\"container\">\n\t\t\t\t<div class=\"elementor-element elementor-element-cb979fc elementor-widget elementor-widget-image\" data-id=\"cb979fc\" data-element_type=\"widget\" data-widget_type=\"image.default\">\n\t\t\t\t<div class=\"elementor-widget-container\">\n\t\t\t\t\t\t\t\t\t\t\t\t\t<img fetchpriority=\"high\" decoding=\"async\" width=\"2054\" height=\"1170\" src=\"https:\/\/xn--viosdacorua-2dbi.gal\/wp-content\/uploads\/2024\/11\/IMG_1430.jpg\" class=\"attachment-full size-full wp-image-755\" alt=\"\" srcset=\"https:\/\/xn--viosdacorua-2dbi.gal\/wp-content\/uploads\/2024\/11\/IMG_1430.jpg 2054w, https:\/\/xn--viosdacorua-2dbi.gal\/wp-content\/uploads\/2024\/11\/IMG_1430-300x171.jpg 300w, https:\/\/xn--viosdacorua-2dbi.gal\/wp-content\/uploads\/2024\/11\/IMG_1430-1024x583.jpg 1024w, https:\/\/xn--viosdacorua-2dbi.gal\/wp-content\/uploads\/2024\/11\/IMG_1430-768x437.jpg 768w, https:\/\/xn--viosdacorua-2dbi.gal\/wp-content\/uploads\/2024\/11\/IMG_1430-1536x875.jpg 1536w, https:\/\/xn--viosdacorua-2dbi.gal\/wp-content\/uploads\/2024\/11\/IMG_1430-2048x1167.jpg 2048w\" sizes=\"(max-width: 2054px) 100vw, 2054px\" \/>\t\t\t\t\t\t\t\t\t\t\t\t\t<\/div>\n\t\t\t\t<\/div>\n\t\t\t\t<\/div>\n\t\t\t\t\t<\/div>\n\t\t\t\t<\/div>\n\t\t<div class=\"elementor-element elementor-element-0b5f278 e-con-full e-flex e-con e-parent\" data-id=\"0b5f278\" data-element_type=\"container\" data-settings=\"{&quot;background_background&quot;:&quot;classic&quot;}\">\n\t\t<div class=\"elementor-element elementor-element-bebcb0c e-con-full e-flex e-con e-child\" data-id=\"bebcb0c\" data-element_type=\"container\" data-settings=\"{&quot;background_background&quot;:&quot;classic&quot;}\">\n\t\t\t\t<div class=\"elementor-element elementor-element-09ab079 elementor-widget__width-initial elementor-widget elementor-widget-text-editor\" data-id=\"09ab079\" data-element_type=\"widget\" data-widget_type=\"text-editor.default\">\n\t\t\t\t<div class=\"elementor-widget-container\">\n\t\t\t\t\t\t\t<p><strong><a href=\"https:\/\/vi%C3%B1osdacoru%C3%B1a.gal\/adegas\/\">Visita nuestras bodegas &gt;<\/a><\/strong><\/p>\n\t\t\t\t\t\t<\/div>\n\t\t\t\t<\/div>\n\t\t\t\t<\/div>\n\t\t\t\t<\/div>\n\t\t<div class=\"elementor-element elementor-element-80906ae e-flex e-con-boxed e-con e-parent\" data-id=\"80906ae\" data-element_type=\"container\">\n\t\t\t\t\t<div class=\"e-con-inner\">\n\t\t<div class=\"elementor-element elementor-element-150b417 e-con-full e-flex e-con e-child\" data-id=\"150b417\" data-element_type=\"container\">\n\t\t\t\t<div class=\"elementor-element elementor-element-8ba6011 elementor-widget elementor-widget-heading\" data-id=\"8ba6011\" data-element_type=\"widget\" data-widget_type=\"heading.default\">\n\t\t\t\t<div class=\"elementor-widget-container\">\n\t\t\t<h2 class=\"elementor-heading-title elementor-size-default\">Actualidad<\/h2>\t\t<\/div>\n\t\t\t\t<\/div>\n\t\t\t\t<\/div>\n\t\t<div class=\"elementor-element elementor-element-914afb1 e-con-full e-flex e-con e-child\" data-id=\"914afb1\" data-element_type=\"container\">\n\t\t\t\t<div class=\"elementor-element elementor-element-2666ae7 elementor-widget__width-inherit elementor-posts--align-center elementor-grid-4 elementor-grid-tablet-2 elementor-grid-mobile-1 elementor-posts--thumbnail-top elementor-widget elementor-widget-posts\" data-id=\"2666ae7\" data-element_type=\"widget\" data-settings=\"{&quot;classic_row_gap&quot;:{&quot;unit&quot;:&quot;px&quot;,&quot;size&quot;:43,&quot;sizes&quot;:[]},&quot;classic_columns&quot;:&quot;4&quot;,&quot;classic_columns_tablet&quot;:&quot;2&quot;,&quot;classic_columns_mobile&quot;:&quot;1&quot;,&quot;classic_row_gap_tablet&quot;:{&quot;unit&quot;:&quot;px&quot;,&quot;size&quot;:&quot;&quot;,&quot;sizes&quot;:[]},&quot;classic_row_gap_mobile&quot;:{&quot;unit&quot;:&quot;px&quot;,&quot;size&quot;:&quot;&quot;,&quot;sizes&quot;:[]}}\" data-widget_type=\"posts.classic\">\n\t\t\t\t<div class=\"elementor-widget-container\">\n\t\t\t\t\t<div class=\"elementor-posts-container elementor-posts elementor-posts--skin-classic elementor-grid\">\n\t\t\t\t<article class=\"elementor-post elementor-grid-item post-1869 post type-post status-publish format-standard has-post-thumbnail hentry category-sin-categorizar\">\n\t\t\t\t<a class=\"elementor-post__thumbnail__link\" href=\"https:\/\/xn--viosdacorua-2dbi.gal\/es\/blog\/2025\/11\/17\/nace-avibe-asociacion-de-vinerons-de-betanzos\/\" tabindex=\"-1\" >\n\t\t\t<div class=\"elementor-post__thumbnail\"><img decoding=\"async\" width=\"625\" height=\"500\" src=\"https:\/\/xn--viosdacorua-2dbi.gal\/wp-content\/uploads\/2025\/11\/avibe-logotipo.jpg\" class=\"attachment-1536x1536 size-1536x1536 wp-image-1866\" alt=\"\" srcset=\"https:\/\/xn--viosdacorua-2dbi.gal\/wp-content\/uploads\/2025\/11\/avibe-logotipo.jpg 625w, https:\/\/xn--viosdacorua-2dbi.gal\/wp-content\/uploads\/2025\/11\/avibe-logotipo-300x240.jpg 300w\" sizes=\"(max-width: 625px) 100vw, 625px\" \/><\/div>\n\t\t<\/a>\n\t\t\t\t<div class=\"elementor-post__text\">\n\t\t\t\t<h3 class=\"elementor-post__title\">\n\t\t\t<a href=\"https:\/\/xn--viosdacorua-2dbi.gal\/es\/blog\/2025\/11\/17\/nace-avibe-asociacion-de-vinerons-de-betanzos\/\" >\n\t\t\t\tNace Avibe, \u201cAsociaci\u00f3n de Vi\u00f1er\u00f3ns de Betanzos\u201d\t\t\t<\/a>\n\t\t<\/h3>\n\t\t\t\t<\/div>\n\t\t\t\t<\/article>\n\t\t\t\t<article class=\"elementor-post elementor-grid-item post-1863 post type-post status-publish format-standard has-post-thumbnail hentry category-sin-categorizar\">\n\t\t\t\t<a class=\"elementor-post__thumbnail__link\" href=\"https:\/\/xn--viosdacorua-2dbi.gal\/es\/blog\/2025\/10\/06\/adegas-bordel-premiada-na-xvii-edicion-de-bacelos-de-prata\/\" tabindex=\"-1\" >\n\t\t\t<div class=\"elementor-post__thumbnail\"><img decoding=\"async\" width=\"1000\" height=\"750\" src=\"https:\/\/xn--viosdacorua-2dbi.gal\/wp-content\/uploads\/2025\/11\/entrega-premios-Bacelos-de-Prata-2025-foto-Asociacion-Alvaro-das-Casas.jpg\" class=\"attachment-1536x1536 size-1536x1536 wp-image-1861\" alt=\"\" srcset=\"https:\/\/xn--viosdacorua-2dbi.gal\/wp-content\/uploads\/2025\/11\/entrega-premios-Bacelos-de-Prata-2025-foto-Asociacion-Alvaro-das-Casas.jpg 1000w, https:\/\/xn--viosdacorua-2dbi.gal\/wp-content\/uploads\/2025\/11\/entrega-premios-Bacelos-de-Prata-2025-foto-Asociacion-Alvaro-das-Casas-300x225.jpg 300w, https:\/\/xn--viosdacorua-2dbi.gal\/wp-content\/uploads\/2025\/11\/entrega-premios-Bacelos-de-Prata-2025-foto-Asociacion-Alvaro-das-Casas-768x576.jpg 768w\" sizes=\"(max-width: 1000px) 100vw, 1000px\" \/><\/div>\n\t\t<\/a>\n\t\t\t\t<div class=\"elementor-post__text\">\n\t\t\t\t<h3 class=\"elementor-post__title\">\n\t\t\t<a href=\"https:\/\/xn--viosdacorua-2dbi.gal\/es\/blog\/2025\/10\/06\/adegas-bordel-premiada-na-xvii-edicion-de-bacelos-de-prata\/\" >\n\t\t\t\tAdegas Bordel premiada en la XVII edici\u00f3n de Bacelos de Prata\t\t\t<\/a>\n\t\t<\/h3>\n\t\t\t\t<\/div>\n\t\t\t\t<\/article>\n\t\t\t\t<article class=\"elementor-post elementor-grid-item post-1809 post type-post status-publish format-standard has-post-thumbnail hentry category-sin-categorizar\">\n\t\t\t\t<a class=\"elementor-post__thumbnail__link\" href=\"https:\/\/xn--viosdacorua-2dbi.gal\/es\/blog\/2025\/03\/10\/video-o-branco-lexitimo-e-sen-dubida-un-dos-vinos-mais-aromaticos\/\" tabindex=\"-1\" >\n\t\t\t<div class=\"elementor-post__thumbnail\"><img loading=\"lazy\" decoding=\"async\" width=\"980\" height=\"539\" src=\"https:\/\/xn--viosdacorua-2dbi.gal\/wp-content\/uploads\/2025\/05\/cata-biocultura-vinhos-da-corunha.png\" class=\"attachment-1536x1536 size-1536x1536 wp-image-1807\" alt=\"\" srcset=\"https:\/\/xn--viosdacorua-2dbi.gal\/wp-content\/uploads\/2025\/05\/cata-biocultura-vinhos-da-corunha.png 980w, https:\/\/xn--viosdacorua-2dbi.gal\/wp-content\/uploads\/2025\/05\/cata-biocultura-vinhos-da-corunha-300x165.png 300w, https:\/\/xn--viosdacorua-2dbi.gal\/wp-content\/uploads\/2025\/05\/cata-biocultura-vinhos-da-corunha-768x422.png 768w\" sizes=\"(max-width: 980px) 100vw, 980px\" \/><\/div>\n\t\t<\/a>\n\t\t\t\t<div class=\"elementor-post__text\">\n\t\t\t\t<h3 class=\"elementor-post__title\">\n\t\t\t<a href=\"https:\/\/xn--viosdacorua-2dbi.gal\/es\/blog\/2025\/03\/10\/video-o-branco-lexitimo-e-sen-dubida-un-dos-vinos-mais-aromaticos\/\" >\n\t\t\t\t(V\u00cdDEO) \u201cO Branco Lex\u00edtimo \u00e9 sen d\u00fabida un dos vi\u00f1os m\u00e1is arom\u00e1ticos\u201d\t\t\t<\/a>\n\t\t<\/h3>\n\t\t\t\t<\/div>\n\t\t\t\t<\/article>\n\t\t\t\t<article class=\"elementor-post elementor-grid-item post-1803 post type-post status-publish format-standard has-post-thumbnail hentry category-sin-categorizar\">\n\t\t\t\t<a class=\"elementor-post__thumbnail__link\" href=\"https:\/\/xn--viosdacorua-2dbi.gal\/es\/blog\/2025\/03\/10\/pagos-de-brigante-levou-os-seus-vinos-a-biocultura-2025\/\" tabindex=\"-1\" >\n\t\t\t<div class=\"elementor-post__thumbnail\"><img loading=\"lazy\" decoding=\"async\" width=\"1000\" height=\"750\" src=\"https:\/\/xn--viosdacorua-2dbi.gal\/wp-content\/uploads\/2025\/05\/Pagos-de-Brigante-en-BioCultura-2025.jpg\" class=\"attachment-1536x1536 size-1536x1536 wp-image-1801\" alt=\"\" srcset=\"https:\/\/xn--viosdacorua-2dbi.gal\/wp-content\/uploads\/2025\/05\/Pagos-de-Brigante-en-BioCultura-2025.jpg 1000w, https:\/\/xn--viosdacorua-2dbi.gal\/wp-content\/uploads\/2025\/05\/Pagos-de-Brigante-en-BioCultura-2025-300x225.jpg 300w, https:\/\/xn--viosdacorua-2dbi.gal\/wp-content\/uploads\/2025\/05\/Pagos-de-Brigante-en-BioCultura-2025-768x576.jpg 768w\" sizes=\"(max-width: 1000px) 100vw, 1000px\" \/><\/div>\n\t\t<\/a>\n\t\t\t\t<div class=\"elementor-post__text\">\n\t\t\t\t<h3 class=\"elementor-post__title\">\n\t\t\t<a href=\"https:\/\/xn--viosdacorua-2dbi.gal\/es\/blog\/2025\/03\/10\/pagos-de-brigante-levou-os-seus-vinos-a-biocultura-2025\/\" >\n\t\t\t\tPagos de Brigante levou os seus vi\u00f1os a BioCultura 2025\t\t\t<\/a>\n\t\t<\/h3>\n\t\t\t\t<\/div>\n\t\t\t\t<\/article>\n\t\t\t\t<\/div>\n\t\t\n\t\t\t\t<\/div>\n\t\t\t\t<\/div>\n\t\t\t\t<\/div>\n\t\t\t\t\t<\/div>\n\t\t\t\t<\/div>\n\t\t\t\t<\/div>\n\t\t","protected":false},"excerpt":{"rendered":"<p>https:\/\/player.vimeo.com\/video\/1036102849 Los Vinos de A Coru\u00f1a Vinos extraordinarios surgen de la suave brisa que abraza el Atl\u00e1ntico sobre las comarcas de Betanzos, Barbanza y Terras<\/p>\n","protected":false},"author":1,"featured_media":0,"parent":0,"menu_order":0,"comment_status":"closed","ping_status":"open","template":"","meta":{"footnotes":""},"class_list":["post-146","page","type-page","status-publish","hentry"],"yoast_head":"<!-- This site is optimized with the Yoast SEO plugin v24.0 - https:\/\/yoast.com\/wordpress\/plugins\/seo\/ -->\n<title>Vinos de A Coru\u00f1a Vi\u00f1os da Coru\u00f1a -<\/title>\n<meta name=\"description\" content=\"Los Vinos de la provincia de A Coru\u00f1a, Indicaci\u00f3n Geogr\u00e1fica Protegida de Betanzos, Indicaci\u00f3n Geogr\u00e1fica Protegida Terra de Barbanza e Iria,\" \/>\n<meta name=\"robots\" content=\"index, follow, max-snippet:-1, max-image-preview:large, max-video-preview:-1\" \/>\n<link rel=\"canonical\" href=\"https:\/\/xn--viosdacorua-2dbi.gal\/es\/\" \/>\n<meta property=\"og:locale\" content=\"es_ES\" \/>\n<meta property=\"og:type\" content=\"article\" \/>\n<meta property=\"og:title\" content=\"Vinos de A Coru\u00f1a Vi\u00f1os da Coru\u00f1a -\" \/>\n<meta property=\"og:description\" content=\"Los Vinos de la provincia de A Coru\u00f1a, Indicaci\u00f3n Geogr\u00e1fica Protegida de Betanzos, Indicaci\u00f3n Geogr\u00e1fica Protegida Terra de Barbanza e Iria,\" \/>\n<meta property=\"og:url\" content=\"https:\/\/xn--viosdacorua-2dbi.gal\/es\/\" \/>\n<meta property=\"og:site_name\" content=\"Vi\u00f1os da Coru\u00f1a\" \/>\n<meta property=\"article:modified_time\" content=\"2024-12-04T22:06:41+00:00\" \/>\n<meta property=\"og:image\" content=\"https:\/\/xn--viosdacorua-2dbi.gal\/wp-content\/uploads\/2024\/11\/IMG_1430.jpg\" \/>\n<meta name=\"twitter:card\" content=\"summary_large_image\" \/>\n<script type=\"application\/ld+json\" class=\"yoast-schema-graph\">{\"@context\":\"https:\/\/schema.org\",\"@graph\":[{\"@type\":\"WebPage\",\"@id\":\"https:\/\/xn--viosdacorua-2dbi.gal\/es\/\",\"url\":\"https:\/\/xn--viosdacorua-2dbi.gal\/es\/\",\"name\":\"Vinos de A Coru\u00f1a Vi\u00f1os da Coru\u00f1a -\",\"isPartOf\":{\"@id\":\"https:\/\/xn--viosdacorua-2dbi.gal\/es\/#website\"},\"primaryImageOfPage\":{\"@id\":\"https:\/\/xn--viosdacorua-2dbi.gal\/es\/#primaryimage\"},\"image\":{\"@id\":\"https:\/\/xn--viosdacorua-2dbi.gal\/es\/#primaryimage\"},\"thumbnailUrl\":\"https:\/\/xn--viosdacorua-2dbi.gal\/wp-content\/uploads\/2024\/11\/IMG_1430.jpg\",\"datePublished\":\"2024-10-17T17:39:27+00:00\",\"dateModified\":\"2024-12-04T22:06:41+00:00\",\"description\":\"Los Vinos de la provincia de A Coru\u00f1a, Indicaci\u00f3n Geogr\u00e1fica Protegida de Betanzos, Indicaci\u00f3n Geogr\u00e1fica Protegida Terra de Barbanza e Iria,\",\"breadcrumb\":{\"@id\":\"https:\/\/xn--viosdacorua-2dbi.gal\/es\/#breadcrumb\"},\"inLanguage\":\"es\",\"potentialAction\":[{\"@type\":\"ReadAction\",\"target\":[\"https:\/\/xn--viosdacorua-2dbi.gal\/es\/\"]}]},{\"@type\":\"ImageObject\",\"inLanguage\":\"es\",\"@id\":\"https:\/\/xn--viosdacorua-2dbi.gal\/es\/#primaryimage\",\"url\":\"https:\/\/xn--viosdacorua-2dbi.gal\/wp-content\/uploads\/2024\/11\/IMG_1430.jpg\",\"contentUrl\":\"https:\/\/xn--viosdacorua-2dbi.gal\/wp-content\/uploads\/2024\/11\/IMG_1430.jpg\"},{\"@type\":\"BreadcrumbList\",\"@id\":\"https:\/\/xn--viosdacorua-2dbi.gal\/es\/#breadcrumb\",\"itemListElement\":[{\"@type\":\"ListItem\",\"position\":1,\"name\":\"Inicio\",\"item\":\"https:\/\/xn--viosdacorua-2dbi.gal\/es\/\"},{\"@type\":\"ListItem\",\"position\":2,\"name\":\"Vinos de A Coru\u00f1a\"}]},{\"@type\":\"WebSite\",\"@id\":\"https:\/\/xn--viosdacorua-2dbi.gal\/es\/#website\",\"url\":\"https:\/\/xn--viosdacorua-2dbi.gal\/es\/\",\"name\":\"Vi\u00f1os da Coru\u00f1a\",\"description\":\"Os vi\u00f1os da Coru\u00f1a\",\"publisher\":{\"@id\":\"https:\/\/xn--viosdacorua-2dbi.gal\/es\/#organization\"},\"alternateName\":\"Vi\u00f1os da provincia da Coru\u00f1a\",\"potentialAction\":[{\"@type\":\"SearchAction\",\"target\":{\"@type\":\"EntryPoint\",\"urlTemplate\":\"https:\/\/xn--viosdacorua-2dbi.gal\/es\/?s={search_term_string}\"},\"query-input\":{\"@type\":\"PropertyValueSpecification\",\"valueRequired\":true,\"valueName\":\"search_term_string\"}}],\"inLanguage\":\"es\"},{\"@type\":\"Organization\",\"@id\":\"https:\/\/xn--viosdacorua-2dbi.gal\/es\/#organization\",\"name\":\"Vi\u00f1os da Provincia de A Coru\u00f1a\",\"alternateName\":\"Vi\u00f1os da Provincia de A Coru\u00f1a\",\"url\":\"https:\/\/xn--viosdacorua-2dbi.gal\/es\/\",\"logo\":{\"@type\":\"ImageObject\",\"inLanguage\":\"es\",\"@id\":\"https:\/\/xn--viosdacorua-2dbi.gal\/es\/#\/schema\/logo\/image\/\",\"url\":\"https:\/\/xn--viosdacorua-2dbi.gal\/wp-content\/uploads\/2024\/12\/logo_vinhos.jpg\",\"contentUrl\":\"https:\/\/xn--viosdacorua-2dbi.gal\/wp-content\/uploads\/2024\/12\/logo_vinhos.jpg\",\"width\":1600,\"height\":563,\"caption\":\"Vi\u00f1os da Provincia de A Coru\u00f1a\"},\"image\":{\"@id\":\"https:\/\/xn--viosdacorua-2dbi.gal\/es\/#\/schema\/logo\/image\/\"}}]}<\/script>\n<!-- \/ Yoast SEO plugin. -->","yoast_head_json":{"title":"Vinos de A Coru\u00f1a Vi\u00f1os da Coru\u00f1a -","description":"Los Vinos de la provincia de A Coru\u00f1a, Indicaci\u00f3n Geogr\u00e1fica Protegida de Betanzos, Indicaci\u00f3n Geogr\u00e1fica Protegida Terra de Barbanza e Iria,","robots":{"index":"index","follow":"follow","max-snippet":"max-snippet:-1","max-image-preview":"max-image-preview:large","max-video-preview":"max-video-preview:-1"},"canonical":"https:\/\/xn--viosdacorua-2dbi.gal\/es\/","og_locale":"es_ES","og_type":"article","og_title":"Vinos de A Coru\u00f1a Vi\u00f1os da Coru\u00f1a -","og_description":"Los Vinos de la provincia de A Coru\u00f1a, Indicaci\u00f3n Geogr\u00e1fica Protegida de Betanzos, Indicaci\u00f3n Geogr\u00e1fica Protegida Terra de Barbanza e Iria,","og_url":"https:\/\/xn--viosdacorua-2dbi.gal\/es\/","og_site_name":"Vi\u00f1os da Coru\u00f1a","article_modified_time":"2024-12-04T22:06:41+00:00","og_image":[{"url":"https:\/\/xn--viosdacorua-2dbi.gal\/wp-content\/uploads\/2024\/11\/IMG_1430.jpg","type":"","width":"","height":""}],"twitter_card":"summary_large_image","schema":{"@context":"https:\/\/schema.org","@graph":[{"@type":"WebPage","@id":"https:\/\/xn--viosdacorua-2dbi.gal\/es\/","url":"https:\/\/xn--viosdacorua-2dbi.gal\/es\/","name":"Vinos de A Coru\u00f1a Vi\u00f1os da Coru\u00f1a -","isPartOf":{"@id":"https:\/\/xn--viosdacorua-2dbi.gal\/es\/#website"},"primaryImageOfPage":{"@id":"https:\/\/xn--viosdacorua-2dbi.gal\/es\/#primaryimage"},"image":{"@id":"https:\/\/xn--viosdacorua-2dbi.gal\/es\/#primaryimage"},"thumbnailUrl":"https:\/\/xn--viosdacorua-2dbi.gal\/wp-content\/uploads\/2024\/11\/IMG_1430.jpg","datePublished":"2024-10-17T17:39:27+00:00","dateModified":"2024-12-04T22:06:41+00:00","description":"Los Vinos de la provincia de A Coru\u00f1a, Indicaci\u00f3n Geogr\u00e1fica Protegida de Betanzos, Indicaci\u00f3n Geogr\u00e1fica Protegida Terra de Barbanza e Iria,","breadcrumb":{"@id":"https:\/\/xn--viosdacorua-2dbi.gal\/es\/#breadcrumb"},"inLanguage":"es","potentialAction":[{"@type":"ReadAction","target":["https:\/\/xn--viosdacorua-2dbi.gal\/es\/"]}]},{"@type":"ImageObject","inLanguage":"es","@id":"https:\/\/xn--viosdacorua-2dbi.gal\/es\/#primaryimage","url":"https:\/\/xn--viosdacorua-2dbi.gal\/wp-content\/uploads\/2024\/11\/IMG_1430.jpg","contentUrl":"https:\/\/xn--viosdacorua-2dbi.gal\/wp-content\/uploads\/2024\/11\/IMG_1430.jpg"},{"@type":"BreadcrumbList","@id":"https:\/\/xn--viosdacorua-2dbi.gal\/es\/#breadcrumb","itemListElement":[{"@type":"ListItem","position":1,"name":"Inicio","item":"https:\/\/xn--viosdacorua-2dbi.gal\/es\/"},{"@type":"ListItem","position":2,"name":"Vinos de A Coru\u00f1a"}]},{"@type":"WebSite","@id":"https:\/\/xn--viosdacorua-2dbi.gal\/es\/#website","url":"https:\/\/xn--viosdacorua-2dbi.gal\/es\/","name":"Vi\u00f1os da Coru\u00f1a","description":"Os vi\u00f1os da Coru\u00f1a","publisher":{"@id":"https:\/\/xn--viosdacorua-2dbi.gal\/es\/#organization"},"alternateName":"Vi\u00f1os da provincia da Coru\u00f1a","potentialAction":[{"@type":"SearchAction","target":{"@type":"EntryPoint","urlTemplate":"https:\/\/xn--viosdacorua-2dbi.gal\/es\/?s={search_term_string}"},"query-input":{"@type":"PropertyValueSpecification","valueRequired":true,"valueName":"search_term_string"}}],"inLanguage":"es"},{"@type":"Organization","@id":"https:\/\/xn--viosdacorua-2dbi.gal\/es\/#organization","name":"Vi\u00f1os da Provincia de A Coru\u00f1a","alternateName":"Vi\u00f1os da Provincia de A Coru\u00f1a","url":"https:\/\/xn--viosdacorua-2dbi.gal\/es\/","logo":{"@type":"ImageObject","inLanguage":"es","@id":"https:\/\/xn--viosdacorua-2dbi.gal\/es\/#\/schema\/logo\/image\/","url":"https:\/\/xn--viosdacorua-2dbi.gal\/wp-content\/uploads\/2024\/12\/logo_vinhos.jpg","contentUrl":"https:\/\/xn--viosdacorua-2dbi.gal\/wp-content\/uploads\/2024\/12\/logo_vinhos.jpg","width":1600,"height":563,"caption":"Vi\u00f1os da Provincia de A Coru\u00f1a"},"image":{"@id":"https:\/\/xn--viosdacorua-2dbi.gal\/es\/#\/schema\/logo\/image\/"}}]}},"_links":{"self":[{"href":"https:\/\/xn--viosdacorua-2dbi.gal\/es\/wp-json\/wp\/v2\/pages\/146","targetHints":{"allow":["GET"]}}],"collection":[{"href":"https:\/\/xn--viosdacorua-2dbi.gal\/es\/wp-json\/wp\/v2\/pages"}],"about":[{"href":"https:\/\/xn--viosdacorua-2dbi.gal\/es\/wp-json\/wp\/v2\/types\/page"}],"author":[{"embeddable":true,"href":"https:\/\/xn--viosdacorua-2dbi.gal\/es\/wp-json\/wp\/v2\/users\/1"}],"replies":[{"embeddable":true,"href":"https:\/\/xn--viosdacorua-2dbi.gal\/es\/wp-json\/wp\/v2\/comments?post=146"}],"version-history":[{"count":73,"href":"https:\/\/xn--viosdacorua-2dbi.gal\/es\/wp-json\/wp\/v2\/pages\/146\/revisions"}],"predecessor-version":[{"id":1677,"href":"https:\/\/xn--viosdacorua-2dbi.gal\/es\/wp-json\/wp\/v2\/pages\/146\/revisions\/1677"}],"wp:attachment":[{"href":"https:\/\/xn--viosdacorua-2dbi.gal\/es\/wp-json\/wp\/v2\/media?parent=146"}],"curies":[{"name":"wp","href":"https:\/\/api.w.org\/{rel}","templated":true}]}}