{"id":187,"date":"2024-10-24T17:47:30","date_gmt":"2024-10-24T15:47:30","guid":{"rendered":"https:\/\/xn--viosdacorua-2dbi.gal\/ixp-terra-de-barbanza-e-iria\/"},"modified":"2025-06-07T17:45:37","modified_gmt":"2025-06-07T15:45:37","slug":"ixp-terra-de-barbanza-e-iria","status":"publish","type":"page","link":"https:\/\/xn--viosdacorua-2dbi.gal\/es\/ixp-terra-de-barbanza-e-iria\/","title":{"rendered":"IXP Terra de Barbanza e Iria"},"content":{"rendered":"\t\t<div data-elementor-type=\"wp-page\" data-elementor-id=\"187\" class=\"elementor elementor-187 elementor-185\" data-elementor-post-type=\"page\">\n\t\t\t\t<div class=\"elementor-element elementor-element-cd27fa7 e-con-full e-flex e-con e-parent\" data-id=\"cd27fa7\" data-element_type=\"container\" data-settings=\"{&quot;background_background&quot;:&quot;classic&quot;}\">\n\t\t\t\t<\/div>\n\t\t<div class=\"elementor-element elementor-element-323533c8 e-flex e-con-boxed e-con e-parent\" data-id=\"323533c8\" data-element_type=\"container\" data-settings=\"{&quot;background_background&quot;:&quot;slideshow&quot;,&quot;background_slideshow_gallery&quot;:[],&quot;background_slideshow_loop&quot;:&quot;yes&quot;,&quot;background_slideshow_slide_duration&quot;:5000,&quot;background_slideshow_slide_transition&quot;:&quot;fade&quot;,&quot;background_slideshow_transition_duration&quot;:500}\">\n\t\t\t\t\t<div class=\"e-con-inner\">\n\t\t\t\t<div class=\"elementor-element elementor-element-dc0116b elementor-widget elementor-widget-text-editor\" data-id=\"dc0116b\" data-element_type=\"widget\" data-widget_type=\"text-editor.default\">\n\t\t\t\t<div class=\"elementor-widget-container\">\n\t\t\t\t\t\t\t<h1>IXP Terra de Barbanza e Iria<\/h1>\t\t\t\t\t\t<\/div>\n\t\t\t\t<\/div>\n\t\t\t\t<div class=\"elementor-element elementor-element-f8dc95a elementor-widget elementor-widget-text-editor\" data-id=\"f8dc95a\" data-element_type=\"widget\" data-widget_type=\"text-editor.default\">\n\t\t\t\t<div class=\"elementor-widget-container\">\n\t\t\t\t\t\t\t<p>De la \u201cencantada tierra para vivir y gozar\u201d, y \u201cpeque\u00f1o para\u00edso\u201d que cant\u00f3 Rosal\u00eda de Castro en aquel poema de \u2018Follas novas\u2019 donde tambi\u00e9n se loa \u201cOuh mi\u00f1a parra de albari\u00f1as uvas, \/ que a t\u00faa sombra me das! [&#8230;] \/ Xa non vos deixo, que as angustias negras \/ lonxe de min se ir\u00e1n!\u201d, llegan los vinos de la Tierra de Barbanza e Iria.<code><\/code><\/p><p>Una producci\u00f3n vit\u00edcola documentada ya en el siglo XVII y continua a lo largo de los siglos en estos suelos francos, profundos y permeables. El espacio compartido por esta IGP recibe el aliento atl\u00e1ntico justo y necesario en un \u00e1rea privilegiada que acaricia, por una parte el encuentro del r\u00edo Ulla con el mar en la r\u00eda de Arousa y por otro lado las pendientes protectoras de la sierra del Barbanza que abrigan el espacio de los vientos oce\u00e1nicos m\u00e1s fuertes.<\/p><p>El encuentro perfecto a nivel de condiciones meteorol\u00f3gicas y agron\u00f3micas para que broten vinos de calidad, basados en variedades aut\u00f3ctonas de larga tradici\u00f3n y en el amor y el bueno hacer de familias que combinan la sabidur\u00eda de la mejor cultura y pr\u00e1ctica tradicional con la investigaci\u00f3n y el conocimiento m\u00e1s reciente para extraer todo el potencial vitivin\u00edcola de este espacio geogr\u00e1fico.<\/p><h2><strong>\u00c1rea geogr\u00e1fica<\/strong><\/h2><p>La zona amparada por la Indicaci\u00f3n Geogr\u00e1fica Protegida Barbanza e Iria est\u00e1 constitu\u00edda por las tierras aptas para la producci\u00f3n de uva de los ayuntamientos de Boiro, Catoira, Dodro, A Pobra do Carami\u00f1al, Pontecesures, Rianxo, Ribeira y Valga, as\u00ed como las parroquias de Cambo\u00f1o, Fru\u00edme y T\u00e1llara del ayuntamiento de Lousame; las parroquias de Iria Flavia y Padr\u00f3n, del ayuntamiento de Padr\u00f3n; y las parroquias de Baro\u00f1a, Caama\u00f1o, Queiruga, Ribasieira, San Pedro de Muro y Xu\u00f1o, del ayuntamiento de Porto do Son.<\/p><h2><strong>Uvas cultivadas<\/strong><\/h2><h3><strong>En vinos blancos:<\/strong><\/h3><ul class=\"wp-block-list\"><li>albari\u00f1o<\/li><li>ca\u00ed\u00f1o blanco<\/li><li>godello<\/li><li>loureiro blanco (loureira o marqu\u00e9s)<\/li><li>treixadura<\/li><li>blanco lex\u00edtimo (albar\u00edn blanco)<\/li><li>agudelo (chen\u00edn blanco)<\/li><li>torront\u00e9s<\/li><\/ul><h3><strong>En vinos tintos:<\/strong><\/h3><ul class=\"wp-block-list\"><li>brancellao<\/li><li>ca\u00ed\u00f1o tinto<\/li><li>espadeiro<\/li><li>loureiro tinto<\/li><li>menc\u00eda<\/li><li>merenzao<\/li><li>sous\u00f3n<\/li><\/ul><h2><strong>Tipos de vinos amparados:<\/strong><\/h2><ul class=\"wp-block-list\"><li>Se elaboran vinos blancos y tintos.<\/li><li>Los monovarietales deben tener una graduaci\u00f3n alcoh\u00f3lica m\u00ednima del 11% vol.<\/li><li>Los restantes vinos deber\u00e1n tener una graduaci\u00f3n alcoh\u00f3lica m\u00ednima del 10% en volumen.<\/li><\/ul><h2><strong>Caracter\u00edsticas <\/strong><strong>de los<\/strong><strong> vi<\/strong><strong>n<\/strong><strong>os<\/strong><\/h2><ul class=\"wp-block-list\"><li>Los vinos obtenidos son ligeros, limpios, brillantes, con equilibro, armon\u00eda y buenas caracter\u00edsticas de conservaci\u00f3n, y con graduaciones alcoh\u00f3licas moderadas.<\/li><li>Con un color intenso en la fase visual.<\/li><li>Con aromas francos, en los que se aprecian las caracter\u00edsticas propias de la materia prima de la que proceden<\/li><li>Con aromas florales y de frutas.<\/li><li>En boca boca son suaves, frescos, sabrosos y equilibrados y al final con peque\u00f1os toques de acidez.<\/li><\/ul><h2><strong>Marco <\/strong><strong>j<\/strong><strong>ur\u00eddico<\/strong><\/h2><ul class=\"wp-block-list\"><li>La creaci\u00f3n de la IXP Vi\u00f1o da Terra de Barbanza e Iria est\u00e1 definida por la Orden de 11 de diciembre de 2006 de la Conseller\u00eda de Medio Rural (DOG n\u00ba 241 do 18\/12\/2006) (y correcci\u00f3n de errores del 7 de febrero de 2007). La reglamentaci\u00f3n y modificaciones posteriores est\u00e1n recogidas en las siguientes \u00f3rdenes.<\/li><li>Orden, de 11 de diciembre de 2006 de la Conseller\u00eda de Medio Rural por la que se reconoce la indicaci\u00f3n geogr\u00e1fica Vino de la Tierra de Barbanza e Iria y se establecen las normas de utilizaci\u00f3n en los vinos de mesa producidos en esta \u00e1rea geogr\u00e1fica (DOG n\u00ba 241 de 18\/12\/2006, correcci\u00f3n de errores en el DOG n\u00ba 27, de 7\/02\/2007). Modificada por: Orden de 28 de abril de 2008 (DOG n\u00ba 89, de 9\/05\/2008) y Orden de 1 de febrero de 2012 (DOG n\u00ba 31, de 14\/02\/2012).<\/li><\/ul><h4><strong>Pliego de condiciones<\/strong><\/h4><ul><li><a href=\"https:\/\/xn--viosdacorua-2dbi.gal\/wp-content\/uploads\/2024\/10\/PregodeCondicions_Barbanza_Iria_xullo_2024_GAL.pdf\" target=\"_blank\" rel=\"noreferrer noopener\" data-type=\"link\" data-id=\"https:\/\/xn--viosdacorua-2dbi.gal\/wp-content\/uploads\/2024\/10\/PregodeCondicions_Barbanza_Iria_xullo_2024_GAL.pdf\">Pulsa para descargar pdf<\/a><\/li><\/ul><h4><strong>Ficha t\u00e9cnica m\u00e1s rec<\/strong><strong>i<\/strong><strong>ente (AGACAL, 2023)<\/strong><\/h4><ul><li><a href=\"https:\/\/xn--viosdacorua-2dbi.gal\/wp-content\/uploads\/2024\/10\/Ficha-Tecnica-IXP-Barbanza-e-Iria-2023.pdf\" target=\"_blank\" rel=\"noreferrer noopener\" data-type=\"link\" data-id=\"https:\/\/xn--viosdacorua-2dbi.gal\/wp-content\/uploads\/2024\/10\/Ficha-Tecnica-IXP-Barbanza-e-Iria-2023.pdf\">Pulsa para descargar pdf<\/a><\/li><\/ul><h4><strong>Registros de actividad y producci\u00f3n (datos a 31 de diciembre de 2023)<\/strong><\/h4><ul><li>Superficie en producci\u00f3n: 8,5 ha<\/li><li>Viticultores: 12<\/li><li>Industrias: 5<\/li><\/ul><h2><strong>Volumen de actividad 2023:<\/strong><\/h2><ul><li>Producci\u00f3n uva: 61.912 kg<\/li><li>Vino cualificado : 29.885 l<\/li><li>Valor econ\u00f3mico estimado: 126.000 \u20ac<\/li><\/ul><p><code><\/code><\/p>\t\t\t\t\t\t<\/div>\n\t\t\t\t<\/div>\n\t\t\t\t\t<\/div>\n\t\t\t\t<\/div>\n\t\t\t\t<\/div>\n\t\t","protected":false},"excerpt":{"rendered":"<p>IXP Terra de Barbanza e Iria De la \u201cencantada tierra para vivir y gozar\u201d, y \u201cpeque\u00f1o para\u00edso\u201d que cant\u00f3 Rosal\u00eda de Castro en aquel poema de \u2018Follas novas\u2019 donde tambi\u00e9n se loa \u201cOuh mi\u00f1a parra de albari\u00f1as uvas, \/ que a t\u00faa sombra me das! [&#8230;] \/ Xa non vos deixo, que as angustias negras [&hellip;]<\/p>\n","protected":false},"author":2,"featured_media":0,"parent":0,"menu_order":0,"comment_status":"closed","ping_status":"closed","template":"","meta":{"footnotes":""},"class_list":["post-187","page","type-page","status-publish","hentry"],"yoast_head":"<!-- This site is optimized with the Yoast SEO plugin v24.0 - https:\/\/yoast.com\/wordpress\/plugins\/seo\/ -->\n<title>IXP Terra de Barbanza e Iria - Vi\u00f1os da Coru\u00f1a<\/title>\n<meta name=\"robots\" content=\"index, follow, max-snippet:-1, max-image-preview:large, max-video-preview:-1\" \/>\n<link rel=\"canonical\" href=\"https:\/\/xn--viosdacorua-2dbi.gal\/es\/ixp-terra-de-barbanza-e-iria\/\" \/>\n<meta property=\"og:locale\" content=\"es_ES\" \/>\n<meta property=\"og:type\" content=\"article\" \/>\n<meta property=\"og:title\" content=\"IXP Terra de Barbanza e Iria - Vi\u00f1os da Coru\u00f1a\" \/>\n<meta property=\"og:description\" content=\"IXP Terra de Barbanza e Iria De la \u201cencantada tierra para vivir y gozar\u201d, y \u201cpeque\u00f1o para\u00edso\u201d que cant\u00f3 Rosal\u00eda de Castro en aquel poema de \u2018Follas novas\u2019 donde tambi\u00e9n se loa \u201cOuh mi\u00f1a parra de albari\u00f1as uvas, \/ que a t\u00faa sombra me das! [&#8230;] \/ Xa non vos deixo, que as angustias negras [&hellip;]\" \/>\n<meta property=\"og:url\" content=\"https:\/\/xn--viosdacorua-2dbi.gal\/es\/ixp-terra-de-barbanza-e-iria\/\" \/>\n<meta property=\"og:site_name\" content=\"Vi\u00f1os da Coru\u00f1a\" \/>\n<meta property=\"article:modified_time\" content=\"2025-06-07T15:45:37+00:00\" \/>\n<meta property=\"og:image\" content=\"https:\/\/xn--viosdacorua-2dbi.gal\/wp-content\/uploads\/2024\/12\/logo_vinhos.jpg\" \/>\n\t<meta property=\"og:image:width\" content=\"1600\" \/>\n\t<meta property=\"og:image:height\" content=\"563\" \/>\n\t<meta property=\"og:image:type\" content=\"image\/jpeg\" \/>\n<meta name=\"twitter:card\" content=\"summary_large_image\" \/>\n<meta name=\"twitter:label1\" content=\"Tiempo de lectura\" \/>\n\t<meta name=\"twitter:data1\" content=\"3 minutos\" \/>\n<script type=\"application\/ld+json\" class=\"yoast-schema-graph\">{\"@context\":\"https:\/\/schema.org\",\"@graph\":[{\"@type\":\"WebPage\",\"@id\":\"https:\/\/xn--viosdacorua-2dbi.gal\/es\/ixp-terra-de-barbanza-e-iria\/\",\"url\":\"https:\/\/xn--viosdacorua-2dbi.gal\/es\/ixp-terra-de-barbanza-e-iria\/\",\"name\":\"IXP Terra de Barbanza e Iria - Vi\u00f1os da Coru\u00f1a\",\"isPartOf\":{\"@id\":\"https:\/\/xn--viosdacorua-2dbi.gal\/es\/#website\"},\"datePublished\":\"2024-10-24T15:47:30+00:00\",\"dateModified\":\"2025-06-07T15:45:37+00:00\",\"breadcrumb\":{\"@id\":\"https:\/\/xn--viosdacorua-2dbi.gal\/es\/ixp-terra-de-barbanza-e-iria\/#breadcrumb\"},\"inLanguage\":\"es\",\"potentialAction\":[{\"@type\":\"ReadAction\",\"target\":[\"https:\/\/xn--viosdacorua-2dbi.gal\/es\/ixp-terra-de-barbanza-e-iria\/\"]}]},{\"@type\":\"BreadcrumbList\",\"@id\":\"https:\/\/xn--viosdacorua-2dbi.gal\/es\/ixp-terra-de-barbanza-e-iria\/#breadcrumb\",\"itemListElement\":[{\"@type\":\"ListItem\",\"position\":1,\"name\":\"Inicio\",\"item\":\"https:\/\/xn--viosdacorua-2dbi.gal\/es\/\"},{\"@type\":\"ListItem\",\"position\":2,\"name\":\"IXP Terra de Barbanza e Iria\"}]},{\"@type\":\"WebSite\",\"@id\":\"https:\/\/xn--viosdacorua-2dbi.gal\/es\/#website\",\"url\":\"https:\/\/xn--viosdacorua-2dbi.gal\/es\/\",\"name\":\"Vi\u00f1os da Coru\u00f1a\",\"description\":\"Os vi\u00f1os da Coru\u00f1a\",\"publisher\":{\"@id\":\"https:\/\/xn--viosdacorua-2dbi.gal\/es\/#organization\"},\"alternateName\":\"Vi\u00f1os da provincia da Coru\u00f1a\",\"potentialAction\":[{\"@type\":\"SearchAction\",\"target\":{\"@type\":\"EntryPoint\",\"urlTemplate\":\"https:\/\/xn--viosdacorua-2dbi.gal\/es\/?s={search_term_string}\"},\"query-input\":{\"@type\":\"PropertyValueSpecification\",\"valueRequired\":true,\"valueName\":\"search_term_string\"}}],\"inLanguage\":\"es\"},{\"@type\":\"Organization\",\"@id\":\"https:\/\/xn--viosdacorua-2dbi.gal\/es\/#organization\",\"name\":\"Vi\u00f1os da Provincia de A Coru\u00f1a\",\"alternateName\":\"Vi\u00f1os da Provincia de A Coru\u00f1a\",\"url\":\"https:\/\/xn--viosdacorua-2dbi.gal\/es\/\",\"logo\":{\"@type\":\"ImageObject\",\"inLanguage\":\"es\",\"@id\":\"https:\/\/xn--viosdacorua-2dbi.gal\/es\/#\/schema\/logo\/image\/\",\"url\":\"https:\/\/xn--viosdacorua-2dbi.gal\/wp-content\/uploads\/2024\/12\/logo_vinhos.jpg\",\"contentUrl\":\"https:\/\/xn--viosdacorua-2dbi.gal\/wp-content\/uploads\/2024\/12\/logo_vinhos.jpg\",\"width\":1600,\"height\":563,\"caption\":\"Vi\u00f1os da Provincia de A Coru\u00f1a\"},\"image\":{\"@id\":\"https:\/\/xn--viosdacorua-2dbi.gal\/es\/#\/schema\/logo\/image\/\"}}]}<\/script>\n<!-- \/ Yoast SEO plugin. -->","yoast_head_json":{"title":"IXP Terra de Barbanza e Iria - Vi\u00f1os da Coru\u00f1a","robots":{"index":"index","follow":"follow","max-snippet":"max-snippet:-1","max-image-preview":"max-image-preview:large","max-video-preview":"max-video-preview:-1"},"canonical":"https:\/\/xn--viosdacorua-2dbi.gal\/es\/ixp-terra-de-barbanza-e-iria\/","og_locale":"es_ES","og_type":"article","og_title":"IXP Terra de Barbanza e Iria - Vi\u00f1os da Coru\u00f1a","og_description":"IXP Terra de Barbanza e Iria De la \u201cencantada tierra para vivir y gozar\u201d, y \u201cpeque\u00f1o para\u00edso\u201d que cant\u00f3 Rosal\u00eda de Castro en aquel poema de \u2018Follas novas\u2019 donde tambi\u00e9n se loa \u201cOuh mi\u00f1a parra de albari\u00f1as uvas, \/ que a t\u00faa sombra me das! [&#8230;] \/ Xa non vos deixo, que as angustias negras [&hellip;]","og_url":"https:\/\/xn--viosdacorua-2dbi.gal\/es\/ixp-terra-de-barbanza-e-iria\/","og_site_name":"Vi\u00f1os da Coru\u00f1a","article_modified_time":"2025-06-07T15:45:37+00:00","og_image":[{"width":1600,"height":563,"url":"https:\/\/xn--viosdacorua-2dbi.gal\/wp-content\/uploads\/2024\/12\/logo_vinhos.jpg","type":"image\/jpeg"}],"twitter_card":"summary_large_image","twitter_misc":{"Tiempo de lectura":"3 minutos"},"schema":{"@context":"https:\/\/schema.org","@graph":[{"@type":"WebPage","@id":"https:\/\/xn--viosdacorua-2dbi.gal\/es\/ixp-terra-de-barbanza-e-iria\/","url":"https:\/\/xn--viosdacorua-2dbi.gal\/es\/ixp-terra-de-barbanza-e-iria\/","name":"IXP Terra de Barbanza e Iria - Vi\u00f1os da Coru\u00f1a","isPartOf":{"@id":"https:\/\/xn--viosdacorua-2dbi.gal\/es\/#website"},"datePublished":"2024-10-24T15:47:30+00:00","dateModified":"2025-06-07T15:45:37+00:00","breadcrumb":{"@id":"https:\/\/xn--viosdacorua-2dbi.gal\/es\/ixp-terra-de-barbanza-e-iria\/#breadcrumb"},"inLanguage":"es","potentialAction":[{"@type":"ReadAction","target":["https:\/\/xn--viosdacorua-2dbi.gal\/es\/ixp-terra-de-barbanza-e-iria\/"]}]},{"@type":"BreadcrumbList","@id":"https:\/\/xn--viosdacorua-2dbi.gal\/es\/ixp-terra-de-barbanza-e-iria\/#breadcrumb","itemListElement":[{"@type":"ListItem","position":1,"name":"Inicio","item":"https:\/\/xn--viosdacorua-2dbi.gal\/es\/"},{"@type":"ListItem","position":2,"name":"IXP Terra de Barbanza e Iria"}]},{"@type":"WebSite","@id":"https:\/\/xn--viosdacorua-2dbi.gal\/es\/#website","url":"https:\/\/xn--viosdacorua-2dbi.gal\/es\/","name":"Vi\u00f1os da Coru\u00f1a","description":"Os vi\u00f1os da Coru\u00f1a","publisher":{"@id":"https:\/\/xn--viosdacorua-2dbi.gal\/es\/#organization"},"alternateName":"Vi\u00f1os da provincia da Coru\u00f1a","potentialAction":[{"@type":"SearchAction","target":{"@type":"EntryPoint","urlTemplate":"https:\/\/xn--viosdacorua-2dbi.gal\/es\/?s={search_term_string}"},"query-input":{"@type":"PropertyValueSpecification","valueRequired":true,"valueName":"search_term_string"}}],"inLanguage":"es"},{"@type":"Organization","@id":"https:\/\/xn--viosdacorua-2dbi.gal\/es\/#organization","name":"Vi\u00f1os da Provincia de A Coru\u00f1a","alternateName":"Vi\u00f1os da Provincia de A Coru\u00f1a","url":"https:\/\/xn--viosdacorua-2dbi.gal\/es\/","logo":{"@type":"ImageObject","inLanguage":"es","@id":"https:\/\/xn--viosdacorua-2dbi.gal\/es\/#\/schema\/logo\/image\/","url":"https:\/\/xn--viosdacorua-2dbi.gal\/wp-content\/uploads\/2024\/12\/logo_vinhos.jpg","contentUrl":"https:\/\/xn--viosdacorua-2dbi.gal\/wp-content\/uploads\/2024\/12\/logo_vinhos.jpg","width":1600,"height":563,"caption":"Vi\u00f1os da Provincia de A Coru\u00f1a"},"image":{"@id":"https:\/\/xn--viosdacorua-2dbi.gal\/es\/#\/schema\/logo\/image\/"}}]}},"_links":{"self":[{"href":"https:\/\/xn--viosdacorua-2dbi.gal\/es\/wp-json\/wp\/v2\/pages\/187","targetHints":{"allow":["GET"]}}],"collection":[{"href":"https:\/\/xn--viosdacorua-2dbi.gal\/es\/wp-json\/wp\/v2\/pages"}],"about":[{"href":"https:\/\/xn--viosdacorua-2dbi.gal\/es\/wp-json\/wp\/v2\/types\/page"}],"author":[{"embeddable":true,"href":"https:\/\/xn--viosdacorua-2dbi.gal\/es\/wp-json\/wp\/v2\/users\/2"}],"replies":[{"embeddable":true,"href":"https:\/\/xn--viosdacorua-2dbi.gal\/es\/wp-json\/wp\/v2\/comments?post=187"}],"version-history":[{"count":36,"href":"https:\/\/xn--viosdacorua-2dbi.gal\/es\/wp-json\/wp\/v2\/pages\/187\/revisions"}],"predecessor-version":[{"id":1825,"href":"https:\/\/xn--viosdacorua-2dbi.gal\/es\/wp-json\/wp\/v2\/pages\/187\/revisions\/1825"}],"wp:attachment":[{"href":"https:\/\/xn--viosdacorua-2dbi.gal\/es\/wp-json\/wp\/v2\/media?parent=187"}],"curies":[{"name":"wp","href":"https:\/\/api.w.org\/{rel}","templated":true}]}}